{"id":29737,"date":"2024-03-28T21:25:39","date_gmt":"2024-03-28T20:25:39","guid":{"rendered":"https:\/\/actionbiblique.ch\/?page_id=29737"},"modified":"2024-11-04T18:35:32","modified_gmt":"2024-11-04T17:35:32","slug":"unsere-aktivitaten","status":"publish","type":"page","link":"https:\/\/actionbiblique.ch\/de\/unsere-aktivitaten\/","title":{"rendered":"Unsere Aktivit\u00e4ten"},"content":{"rendered":"<div data-elementor-type=\"wp-page\" data-elementor-id=\"29737\" class=\"elementor elementor-29737\" data-elementor-post-type=\"page\">\n\t\t\t\t<div class=\"elementor-element elementor-element-1f909a36 e-flex e-con-boxed e-con e-parent\" data-id=\"1f909a36\" data-element_type=\"container\">\n\t\t\t\t\t<div class=\"e-con-inner\">\n\t\t<div class=\"elementor-element elementor-element-7e90a5a6 e-con-full e-flex e-con e-child\" data-id=\"7e90a5a6\" data-element_type=\"container\">\n\t\t<div class=\"elementor-element elementor-element-a71fe31 e-con-full e-flex e-con e-child\" data-id=\"a71fe31\" data-element_type=\"container\">\n\t\t<div class=\"elementor-element elementor-element-6c3798c2 e-flex e-con-boxed e-con e-child\" data-id=\"6c3798c2\" data-element_type=\"container\" data-settings=\"{&quot;background_background&quot;:&quot;classic&quot;}\">\n\t\t\t\t\t<div class=\"e-con-inner\">\n\t\t<div class=\"elementor-element elementor-element-268e08eb e-con-full e-flex e-con e-child\" data-id=\"268e08eb\" data-element_type=\"container\">\n\t\t\t\t<\/div>\n\t\t<div class=\"elementor-element elementor-element-4012067e e-con-full e-flex e-con e-child\" data-id=\"4012067e\" data-element_type=\"container\">\n\t\t\t\t<div class=\"elementor-element elementor-element-5d1172af elementor-widget elementor-widget-heading\" data-id=\"5d1172af\" data-element_type=\"widget\" data-widget_type=\"heading.default\">\n\t\t\t\t<div class=\"elementor-widget-container\">\n\t\t\t\t\t<h1 class=\"elementor-heading-title elementor-size-default\">UNSERE AKTIVIT\u00c4TEN<\/h1>\t\t\t\t<\/div>\n\t\t\t\t<\/div>\n\t\t\t\t<div class=\"elementor-element elementor-element-65bed970 elementor-widget elementor-widget-heading\" data-id=\"65bed970\" data-element_type=\"widget\" data-widget_type=\"heading.default\">\n\t\t\t\t<div class=\"elementor-widget-container\">\n\t\t\t\t\t<h2 class=\"elementor-heading-title elementor-size-default\">Eine Orientierung f\u00fcr die Jugend, Unterk\u00fcnfte, und\nHilfsmittel f\u00fcr das Bibelstudium<\/h2>\t\t\t\t<\/div>\n\t\t\t\t<\/div>\n\t\t\t\t<\/div>\n\t\t\t\t\t<\/div>\n\t\t\t\t<\/div>\n\t\t\t\t<\/div>\n\t\t<div class=\"elementor-element elementor-element-43ea092f e-con-full e-flex e-con e-child\" data-id=\"43ea092f\" data-element_type=\"container\">\n\t\t\t\t<div class=\"elementor-element elementor-element-313537af elementor-widget elementor-widget-image\" data-id=\"313537af\" data-element_type=\"widget\" data-widget_type=\"image.default\">\n\t\t\t\t<div class=\"elementor-widget-container\">\n\t\t\t\t\t\t\t\t\t\t\t\t\t\t\t<img fetchpriority=\"high\" decoding=\"async\" width=\"2154\" height=\"855\" src=\"https:\/\/actionbiblique.ch\/wp-content\/uploads\/2024\/03\/Nos-activites-1.png\" class=\"attachment-full size-full wp-image-29835\" alt=\"\u00c9glise AB - Nos activit\u00e9s\" srcset=\"https:\/\/actionbiblique.ch\/wp-content\/uploads\/2024\/03\/Nos-activites-1.png 2154w, https:\/\/actionbiblique.ch\/wp-content\/uploads\/2024\/03\/Nos-activites-1-300x119.png 300w, https:\/\/actionbiblique.ch\/wp-content\/uploads\/2024\/03\/Nos-activites-1-1024x406.png 1024w, https:\/\/actionbiblique.ch\/wp-content\/uploads\/2024\/03\/Nos-activites-1-768x305.png 768w, https:\/\/actionbiblique.ch\/wp-content\/uploads\/2024\/03\/Nos-activites-1-1536x610.png 1536w, https:\/\/actionbiblique.ch\/wp-content\/uploads\/2024\/03\/Nos-activites-1-2048x813.png 2048w\" sizes=\"(max-width: 2154px) 100vw, 2154px\" \/>\t\t\t\t\t\t\t\t\t\t\t\t\t\t\t<\/div>\n\t\t\t\t<\/div>\n\t\t\t\t<\/div>\n\t\t\t\t<\/div>\n\t\t<div class=\"elementor-element elementor-element-4de41f6 e-con-full e-flex e-con e-child\" data-id=\"4de41f6\" data-element_type=\"container\">\n\t\t<div class=\"elementor-element elementor-element-ca47e8c e-con-full e-flex e-con e-child\" data-id=\"ca47e8c\" data-element_type=\"container\" data-settings=\"{&quot;background_background&quot;:&quot;classic&quot;}\">\n\t\t\t\t<\/div>\n\t\t\t\t<\/div>\n\t\t\t\t\t<\/div>\n\t\t\t\t<\/div>\n\t\t<div class=\"elementor-element elementor-element-1b09dcd9 e-flex e-con-boxed e-con e-parent\" data-id=\"1b09dcd9\" data-element_type=\"container\">\n\t\t\t\t\t<div class=\"e-con-inner\">\n\t\t\t\t<div class=\"elementor-element elementor-element-34d0769a elementor-widget elementor-widget-heading\" data-id=\"34d0769a\" data-element_type=\"widget\" data-widget_type=\"heading.default\">\n\t\t\t\t<div class=\"elementor-widget-container\">\n\t\t\t\t\t<h2 class=\"elementor-heading-title elementor-size-default\">EIN AKTIVIT\u00c4TEN-ANGEBOT <span style=\"color:#E72F2A\">F\u00dcR ALLE<\/h2>\t\t\t\t<\/div>\n\t\t\t\t<\/div>\n\t\t\t\t<div class=\"elementor-element elementor-element-5e577f1c elementor-view-default elementor-widget elementor-widget-icon\" data-id=\"5e577f1c\" data-element_type=\"widget\" data-widget_type=\"icon.default\">\n\t\t\t\t<div class=\"elementor-widget-container\">\n\t\t\t\t\t\t\t<div class=\"elementor-icon-wrapper\">\n\t\t\t<a class=\"elementor-icon\" href=\"#en-savoir-plus\" title=\"en savoir plus\">\n\t\t\t<svg xmlns=\"http:\/\/www.w3.org\/2000\/svg\" width=\"25\" height=\"14\" viewbox=\"0 0 25 14\" fill=\"none\"><g id=\"Groupe 1833\"><path id=\"Trac&#xC3;&#xA9; 147\" d=\"M0.999997 1.0001L12.542 12.543L24.0803 1.00368\" stroke=\"#939393\" stroke-width=\"2\"><\/path><\/g><\/svg>\t\t\t<\/a>\n\t\t<\/div>\n\t\t\t\t\t\t<\/div>\n\t\t\t\t<\/div>\n\t\t\t\t<div class=\"elementor-element elementor-element-78c3b58f elementor-widget__width-initial elementor-widget elementor-widget-text-editor\" data-id=\"78c3b58f\" data-element_type=\"widget\" data-widget_type=\"text-editor.default\">\n\t\t\t\t<div class=\"elementor-widget-container\">\n\t\t\t\t\t\t\t\t\t<p><span style=\"font-weight: 600;\">Die Action Biblique Schweiz (ABS) ist nicht nur eine Vereinigung von Gemeinden, sondern auch eine Vereinigung mit einer dynamischen Jugend und mehreren Unterkunftsorten f\u00fcr Lager.<\/span> Die verschiedenen H\u00e4user k\u00f6nnen f\u00fcr Wochenenden, Gemeindeaufenthalte oder f\u00fcr private Anl\u00e4sse gemietet werden. <a href=\"https:\/\/www.bible-ouverte.ch\/\" target=\"_blank\" rel=\"noopener\">site internet ax\u00e9 sur la d\u00e9couverte de la Bible<\/a>Die ABS bietet eine Webseite an, die sich der Entdeckung der Bibel widmet und eine wertvolle Hilfe f\u00fcr Menschen ist, die Antworten auf den tieferen Sinn des Lebens und der Existenz Gottes suchen. \nAlles dazu erfahren Sie auf dieser Seite und beim Besuch der Webseiten dieser verschiedenen Angebote.<\/p>\t\t\t\t\t\t\t\t<\/div>\n\t\t\t\t<\/div>\n\t\t\t\t<div class=\"elementor-element elementor-element-49c2da7b elementor-widget elementor-widget-menu-anchor\" data-id=\"49c2da7b\" data-element_type=\"widget\" data-widget_type=\"menu-anchor.default\">\n\t\t\t\t<div class=\"elementor-widget-container\">\n\t\t\t\t\t\t\t<div class=\"elementor-menu-anchor\" id=\"en-savoir-plus\"><\/div>\n\t\t\t\t\t\t<\/div>\n\t\t\t\t<\/div>\n\t\t\t\t\t<\/div>\n\t\t\t\t<\/div>\n\t\t<div class=\"elementor-element elementor-element-499f828 e-flex e-con-boxed e-con e-parent\" data-id=\"499f828\" data-element_type=\"container\">\n\t\t\t\t\t<div class=\"e-con-inner\">\n\t\t<div class=\"elementor-element elementor-element-38fbba86 e-con-full e-flex e-con e-child\" data-id=\"38fbba86\" data-element_type=\"container\">\n\t\t\t\t<div class=\"elementor-element elementor-element-91e6eda elementor-widget elementor-widget-image\" data-id=\"91e6eda\" data-element_type=\"widget\" data-widget_type=\"image.default\">\n\t\t\t\t<div class=\"elementor-widget-container\">\n\t\t\t\t\t\t\t\t\t\t\t\t\t\t\t<img decoding=\"async\" width=\"1422\" height=\"747\" src=\"https:\/\/actionbiblique.ch\/wp-content\/uploads\/2024\/03\/la-jeunesse-action-biblique-1.png\" class=\"attachment-full size-full wp-image-29842\" alt=\"\u00c9glise AB - Nos activit\u00e9s - la jeunesse action biblique\" srcset=\"https:\/\/actionbiblique.ch\/wp-content\/uploads\/2024\/03\/la-jeunesse-action-biblique-1.png 1422w, https:\/\/actionbiblique.ch\/wp-content\/uploads\/2024\/03\/la-jeunesse-action-biblique-1-300x158.png 300w, https:\/\/actionbiblique.ch\/wp-content\/uploads\/2024\/03\/la-jeunesse-action-biblique-1-1024x538.png 1024w, https:\/\/actionbiblique.ch\/wp-content\/uploads\/2024\/03\/la-jeunesse-action-biblique-1-768x403.png 768w\" sizes=\"(max-width: 1422px) 100vw, 1422px\" \/>\t\t\t\t\t\t\t\t\t\t\t\t\t\t\t<\/div>\n\t\t\t\t<\/div>\n\t\t\t\t<\/div>\n\t\t<div class=\"elementor-element elementor-element-2daeca71 e-con-full e-flex e-con e-child\" data-id=\"2daeca71\" data-element_type=\"container\" data-settings=\"{&quot;background_background&quot;:&quot;classic&quot;}\">\n\t\t<div class=\"elementor-element elementor-element-6dd759a8 e-con-full e-flex e-con e-child\" data-id=\"6dd759a8\" data-element_type=\"container\">\n\t\t\t\t<div class=\"elementor-element elementor-element-b404ad1 elementor-widget elementor-widget-image\" data-id=\"b404ad1\" data-element_type=\"widget\" data-widget_type=\"image.default\">\n\t\t\t\t<div class=\"elementor-widget-container\">\n\t\t\t\t\t\t\t\t\t\t\t\t\t\t\t<img decoding=\"async\" width=\"184\" height=\"138\" src=\"https:\/\/actionbiblique.ch\/wp-content\/uploads\/2024\/04\/LogoJAB.svg\" class=\"attachment-full size-full wp-image-29925\" alt=\"\u00c9glise AB - LogoJAB\" \/>\t\t\t\t\t\t\t\t\t\t\t\t\t\t\t<\/div>\n\t\t\t\t<\/div>\n\t\t\t\t<div class=\"elementor-element elementor-element-f26b0cf elementor-widget-divider--view-line elementor-widget elementor-widget-divider\" data-id=\"f26b0cf\" data-element_type=\"widget\" data-widget_type=\"divider.default\">\n\t\t\t\t<div class=\"elementor-widget-container\">\n\t\t\t\t\t\t\t<div class=\"elementor-divider\">\n\t\t\t<span class=\"elementor-divider-separator\">\n\t\t\t\t\t\t<\/span>\n\t\t<\/div>\n\t\t\t\t\t\t<\/div>\n\t\t\t\t<\/div>\n\t\t\t\t<\/div>\n\t\t<div class=\"elementor-element elementor-element-3a02e8bf e-con-full e-flex e-con e-child\" data-id=\"3a02e8bf\" data-element_type=\"container\">\n\t\t\t\t<div class=\"elementor-element elementor-element-127fdcb4 elementor-widget elementor-widget-heading\" data-id=\"127fdcb4\" data-element_type=\"widget\" data-widget_type=\"heading.default\">\n\t\t\t\t<div class=\"elementor-widget-container\">\n\t\t\t\t\t<h2 class=\"elementor-heading-title elementor-size-default\">DIE JUGEND ACTION BIBLIQUE<\/h2>\t\t\t\t<\/div>\n\t\t\t\t<\/div>\n\t\t\t\t<div class=\"elementor-element elementor-element-5d9f7d85 elementor-widget elementor-widget-text-editor\" data-id=\"5d9f7d85\" data-element_type=\"widget\" data-widget_type=\"text-editor.default\">\n\t\t\t\t<div class=\"elementor-widget-container\">\n\t\t\t\t\t\t\t\t\t<p><strong>Die Jugend Action Biblique (JAB) ist eine evangelisch-christliche Jugendorganisation.<\/strong> Die JAB Romandie bietet das ganze Jahr Aktivit\u00e4ten f\u00fcr Kinder und Jugendliche an:\n-\tSommerlager, \n-\tWochenend-Lager \n-\tSchulungen. \nIn der Deutschschweiz werden vor allem im Sommer Lager organisiert:\n-\twww.chinderlager.ch (Kinder von 7-12 Jahren)\n-\twww.solapradella. (Teenager von 11-17 Jahren)<\/p>\t\t\t\t\t\t\t\t<\/div>\n\t\t\t\t<\/div>\n\t\t\t\t<div class=\"elementor-element elementor-element-6091dbe elementor-mobile-align-center elementor-widget elementor-widget-button\" data-id=\"6091dbe\" data-element_type=\"widget\" data-widget_type=\"button.default\">\n\t\t\t\t<div class=\"elementor-widget-container\">\n\t\t\t\t\t\t\t\t\t<div class=\"elementor-button-wrapper\">\n\t\t\t\t\t<a class=\"elementor-button elementor-button-link elementor-size-sm\" href=\"https:\/\/jabsuisseromande.ch\/\">\n\t\t\t\t\t\t<span class=\"elementor-button-content-wrapper\">\n\t\t\t\t\t\t\t\t\t<span class=\"elementor-button-text\">ZUR WEBSEITE<\/span>\n\t\t\t\t\t<\/span>\n\t\t\t\t\t<\/a>\n\t\t\t\t<\/div>\n\t\t\t\t\t\t\t\t<\/div>\n\t\t\t\t<\/div>\n\t\t\t\t<\/div>\n\t\t\t\t<\/div>\n\t\t\t\t\t<\/div>\n\t\t\t\t<\/div>\n\t\t<div class=\"elementor-element elementor-element-e7dcd62 e-flex e-con-boxed e-con e-parent\" data-id=\"e7dcd62\" data-element_type=\"container\">\n\t\t\t\t\t<div class=\"e-con-inner\">\n\t\t\t\t<div class=\"elementor-element elementor-element-d9ce668 elementor-widget elementor-widget-heading\" data-id=\"d9ce668\" data-element_type=\"widget\" data-widget_type=\"heading.default\">\n\t\t\t\t<div class=\"elementor-widget-container\">\n\t\t\t\t\t<h2 class=\"elementor-heading-title elementor-size-default\">DIE BELIEBTESTEN ORTE DER VEREINIGUNG<\/h2>\t\t\t\t<\/div>\n\t\t\t\t<\/div>\n\t\t\t\t\t<\/div>\n\t\t\t\t<\/div>\n\t\t<div class=\"elementor-element elementor-element-0763b4b e-flex e-con-boxed e-con e-parent\" data-id=\"0763b4b\" data-element_type=\"container\">\n\t\t\t\t\t<div class=\"e-con-inner\">\n\t\t<div class=\"elementor-element elementor-element-c15fd1a e-con-full e-flex e-con e-child\" data-id=\"c15fd1a\" data-element_type=\"container\" data-settings=\"{&quot;background_background&quot;:&quot;classic&quot;}\">\n\t\t<div class=\"elementor-element elementor-element-ec0ec19 e-con-full e-flex e-con e-child\" data-id=\"ec0ec19\" data-element_type=\"container\">\n\t\t\t\t<div class=\"elementor-element elementor-element-f2a381b elementor-widget-divider--view-line elementor-widget elementor-widget-divider\" data-id=\"f2a381b\" data-element_type=\"widget\" data-widget_type=\"divider.default\">\n\t\t\t\t<div class=\"elementor-widget-container\">\n\t\t\t\t\t\t\t<div class=\"elementor-divider\">\n\t\t\t<span class=\"elementor-divider-separator\">\n\t\t\t\t\t\t<\/span>\n\t\t<\/div>\n\t\t\t\t\t\t<\/div>\n\t\t\t\t<\/div>\n\t\t\t\t<div class=\"elementor-element elementor-element-bff494a elementor-widget elementor-widget-heading\" data-id=\"bff494a\" data-element_type=\"widget\" data-widget_type=\"heading.default\">\n\t\t\t\t<div class=\"elementor-widget-container\">\n\t\t\t\t\t<h2 class=\"elementor-heading-title elementor-size-default\">Berghaus \u2013 Isenfluh<br>\n(BERNER ALPEN)<\/h2>\t\t\t\t<\/div>\n\t\t\t\t<\/div>\n\t\t\t\t<div class=\"elementor-element elementor-element-08cb19d elementor-widget elementor-widget-text-editor\" data-id=\"08cb19d\" data-element_type=\"widget\" data-widget_type=\"text-editor.default\">\n\t\t\t\t<div class=\"elementor-widget-container\">\n\t\t\t\t\t\t\t\t\t<p>Das Berghaus ist ein christliches Ferienzentrum der Action Biblique Schweiz. \nSeit 80 Jahren bietet dieser Ort:<\/p>\t\t\t\t\t\t\t\t<\/div>\n\t\t\t\t<\/div>\n\t\t\t\t<div class=\"elementor-element elementor-element-f8e465f elementor-icon-list--layout-traditional elementor-list-item-link-full_width elementor-widget elementor-widget-icon-list\" data-id=\"f8e465f\" data-element_type=\"widget\" data-widget_type=\"icon-list.default\">\n\t\t\t\t<div class=\"elementor-widget-container\">\n\t\t\t\t\t\t\t<ul class=\"elementor-icon-list-items\">\n\t\t\t\t\t\t\t<li class=\"elementor-icon-list-item\">\n\t\t\t\t\t\t\t\t\t\t\t<span class=\"elementor-icon-list-icon\">\n\t\t\t\t\t\t\t<svg xmlns=\"http:\/\/www.w3.org\/2000\/svg\" width=\"22\" height=\"17\" viewbox=\"0 0 22 17\" fill=\"none\"><g id=\"Group 83\"><g id=\"Group 74\"><path id=\"Vector\" d=\"M1.19385 8L19.8399 8\" stroke=\"#6DA8B9\" stroke-width=\"2\" stroke-miterlimit=\"10\" stroke-linecap=\"round\"><\/path><path id=\"Vector_2\" d=\"M12.0503 1L19.8396 7.99933L12.0322 15.0149\" stroke=\"#6DA8B9\" stroke-width=\"2\" stroke-miterlimit=\"10\" stroke-linecap=\"round\"><\/path><\/g><\/g><\/svg>\t\t\t\t\t\t<\/span>\n\t\t\t\t\t\t\t\t\t\t<span class=\"elementor-icon-list-text\"><span style=\"font-weight:600;\">Sommeraufenthalte mit Vollpension<\/span>und Vortr\u00e4gen zu biblischen Themen in Deutsch und Franz\u00f6sisch.<\/span>\n\t\t\t\t\t\t\t\t\t<\/li>\n\t\t\t\t\t\t\t\t<li class=\"elementor-icon-list-item\">\n\t\t\t\t\t\t\t\t\t\t\t<span class=\"elementor-icon-list-icon\">\n\t\t\t\t\t\t\t<svg xmlns=\"http:\/\/www.w3.org\/2000\/svg\" width=\"22\" height=\"17\" viewbox=\"0 0 22 17\" fill=\"none\"><g id=\"Group 83\"><g id=\"Group 74\"><path id=\"Vector\" d=\"M1.19385 8L19.8399 8\" stroke=\"#6DA8B9\" stroke-width=\"2\" stroke-miterlimit=\"10\" stroke-linecap=\"round\"><\/path><path id=\"Vector_2\" d=\"M12.0503 1L19.8396 7.99933L12.0322 15.0149\" stroke=\"#6DA8B9\" stroke-width=\"2\" stroke-miterlimit=\"10\" stroke-linecap=\"round\"><\/path><\/g><\/g><\/svg>\t\t\t\t\t\t<\/span>\n\t\t\t\t\t\t\t\t\t\t<span class=\"elementor-icon-list-text\"><span style=\"font-weight:600;\">Ausserhalb der Sommersaison ist es m\u00f6glich, die H\u00e4user f\u00fcr Wochenenden, Gruppenausfl\u00fcge oder Veranstaltungen zu mieten<\/span>. Das Ferienzentrum besteht aus drei Geb\u00e4uden: \nBerghaus (79 Pl\u00e4tze), Gr\u00fcnderhaus (62 Pl\u00e4tze), \nChalet Angela (6 Pl\u00e4tze).<\/span>\n\t\t\t\t\t\t\t\t\t<\/li>\n\t\t\t\t\t\t<\/ul>\n\t\t\t\t\t\t<\/div>\n\t\t\t\t<\/div>\n\t\t\t\t<div class=\"elementor-element elementor-element-58a5bf1 elementor-widget elementor-widget-text-editor\" data-id=\"58a5bf1\" data-element_type=\"widget\" data-widget_type=\"text-editor.default\">\n\t\t\t\t<div class=\"elementor-widget-container\">\n\t\t\t\t\t\t\t\t\t<p>Alle Daten und Themen der Sommeraufenthalte sowie die Mietbedingungen finden Sie auf der Webseite des Berghauses:<\/p>\t\t\t\t\t\t\t\t<\/div>\n\t\t\t\t<\/div>\n\t\t\t\t<div class=\"elementor-element elementor-element-6b64c15 elementor-widget elementor-widget-button\" data-id=\"6b64c15\" data-element_type=\"widget\" data-widget_type=\"button.default\">\n\t\t\t\t<div class=\"elementor-widget-container\">\n\t\t\t\t\t\t\t\t\t<div class=\"elementor-button-wrapper\">\n\t\t\t\t\t<a class=\"elementor-button elementor-button-link elementor-size-sm\" href=\"https:\/\/berghaus-isenfluh.ch\/\">\n\t\t\t\t\t\t<span class=\"elementor-button-content-wrapper\">\n\t\t\t\t\t\t\t\t\t<span class=\"elementor-button-text\">ZUR WEBSEITE<\/span>\n\t\t\t\t\t<\/span>\n\t\t\t\t\t<\/a>\n\t\t\t\t<\/div>\n\t\t\t\t\t\t\t\t<\/div>\n\t\t\t\t<\/div>\n\t\t\t\t<div class=\"elementor-element elementor-element-2cf753b elementor-icon-list--layout-traditional elementor-list-item-link-full_width elementor-widget elementor-widget-icon-list\" data-id=\"2cf753b\" data-element_type=\"widget\" data-widget_type=\"icon-list.default\">\n\t\t\t\t<div class=\"elementor-widget-container\">\n\t\t\t\t\t\t\t<ul class=\"elementor-icon-list-items\">\n\t\t\t\t\t\t\t<li class=\"elementor-icon-list-item\">\n\t\t\t\t\t\t\t\t\t\t\t<span class=\"elementor-icon-list-icon\">\n\t\t\t\t\t\t\t<svg xmlns=\"http:\/\/www.w3.org\/2000\/svg\" width=\"22\" height=\"17\" viewbox=\"0 0 22 17\" fill=\"none\"><g id=\"Group 83\"><g id=\"Group 74\"><path id=\"Vector\" d=\"M1.19385 8L19.8399 8\" stroke=\"#6DA8B9\" stroke-width=\"2\" stroke-miterlimit=\"10\" stroke-linecap=\"round\"><\/path><path id=\"Vector_2\" d=\"M12.0503 1L19.8396 7.99933L12.0322 15.0149\" stroke=\"#6DA8B9\" stroke-width=\"2\" stroke-miterlimit=\"10\" stroke-linecap=\"round\"><\/path><\/g><\/g><\/svg>\t\t\t\t\t\t<\/span>\n\t\t\t\t\t\t\t\t\t\t<span class=\"elementor-icon-list-text\"><span style=\"font-weight:600;\">Jugendlager<\/span>, durchgef\u00fchrt von unserer Jugendorganisation JAB<\/span>\n\t\t\t\t\t\t\t\t\t<\/li>\n\t\t\t\t\t\t<\/ul>\n\t\t\t\t\t\t<\/div>\n\t\t\t\t<\/div>\n\t\t\t\t<div class=\"elementor-element elementor-element-dd99678 elementor-mobile-align-left elementor-tablet-align-left elementor-widget elementor-widget-button\" data-id=\"dd99678\" data-element_type=\"widget\" data-widget_type=\"button.default\">\n\t\t\t\t<div class=\"elementor-widget-container\">\n\t\t\t\t\t\t\t\t\t<div class=\"elementor-button-wrapper\">\n\t\t\t\t\t<a class=\"elementor-button elementor-button-link elementor-size-sm\" href=\"https:\/\/jabsuisseromande.ch\/%20\">\n\t\t\t\t\t\t<span class=\"elementor-button-content-wrapper\">\n\t\t\t\t\t\t<span class=\"elementor-button-icon\">\n\t\t\t\t<svg xmlns=\"http:\/\/www.w3.org\/2000\/svg\" width=\"24\" height=\"22\" viewbox=\"0 0 24 22\" fill=\"none\"><g id=\"Frame\" clip-path=\"url(#clip0_110_742)\"><g id=\"Groupe 1834\"><g id=\"Icon feather-external-link\"><path id=\"Trac&#xC3;&#xA9; 1487\" d=\"M18.8837 11.97V18.303C18.8837 18.8629 18.6397 19.3998 18.2055 19.7957C17.7713 20.1916 17.1823 20.414 16.5683 20.414H3.83298C3.2189 20.414 2.62997 20.1916 2.19574 19.7957C1.76152 19.3998 1.51758 18.8629 1.51758 18.303V6.69199C1.51758 6.13212 1.76152 5.59518 2.19574 5.19929C2.62997 4.8034 3.2189 4.58099 3.83298 4.58099H10.7792\" stroke=\"white\" stroke-width=\"2\" stroke-linecap=\"round\" stroke-linejoin=\"round\"><\/path><path id=\"Trac&#xC3;&#xA9; 1488\" d=\"M15.4111 1.414H22.3573V7.747\" stroke=\"white\" stroke-width=\"2\" stroke-linecap=\"round\" stroke-linejoin=\"round\"><\/path><path id=\"Trac&#xC3;&#xA9; 1489\" d=\"M9.62207 13.025L22.3573 1.414\" stroke=\"white\" stroke-width=\"2\" stroke-linecap=\"round\" stroke-linejoin=\"round\"><\/path><\/g><\/g><\/g><defs><clippath id=\"clip0_110_742\"><rect width=\"23.4875\" height=\"21.414\" fill=\"white\" transform=\"translate(0.420898)\"><\/rect><\/clippath><\/defs><\/svg>\t\t\t<\/span>\n\t\t\t\t\t\t\t\t\t<span class=\"elementor-button-text\">LISTE DER FRANZ\u00d6SISCHEN LAGER<\/span>\n\t\t\t\t\t<\/span>\n\t\t\t\t\t<\/a>\n\t\t\t\t<\/div>\n\t\t\t\t\t\t\t\t<\/div>\n\t\t\t\t<\/div>\n\t\t\t\t<\/div>\n\t\t\t\t<\/div>\n\t\t<div class=\"elementor-element elementor-element-ef7131f e-con-full e-flex e-con e-child\" data-id=\"ef7131f\" data-element_type=\"container\">\n\t\t\t\t<div class=\"elementor-element elementor-element-cab69f1 elementor-widget elementor-widget-image\" data-id=\"cab69f1\" data-element_type=\"widget\" data-widget_type=\"image.default\">\n\t\t\t\t<div class=\"elementor-widget-container\">\n\t\t\t\t\t\t\t\t\t\t\t\t\t\t\t<img loading=\"lazy\" decoding=\"async\" width=\"1428\" height=\"1200\" src=\"https:\/\/actionbiblique.ch\/wp-content\/uploads\/2024\/03\/Berghaus-\u2013-Isenfluh-Alpes-Bernoises.png\" class=\"attachment-full size-full wp-image-29836\" alt=\"\u00c9glise AB - Nos activit\u00e9s - Berghaus \u2013 Isenfluh\" srcset=\"https:\/\/actionbiblique.ch\/wp-content\/uploads\/2024\/03\/Berghaus-\u2013-Isenfluh-Alpes-Bernoises.png 1428w, https:\/\/actionbiblique.ch\/wp-content\/uploads\/2024\/03\/Berghaus-\u2013-Isenfluh-Alpes-Bernoises-300x252.png 300w, https:\/\/actionbiblique.ch\/wp-content\/uploads\/2024\/03\/Berghaus-\u2013-Isenfluh-Alpes-Bernoises-1024x861.png 1024w, https:\/\/actionbiblique.ch\/wp-content\/uploads\/2024\/03\/Berghaus-\u2013-Isenfluh-Alpes-Bernoises-768x645.png 768w\" sizes=\"(max-width: 1428px) 100vw, 1428px\" \/>\t\t\t\t\t\t\t\t\t\t\t\t\t\t\t<\/div>\n\t\t\t\t<\/div>\n\t\t\t\t<\/div>\n\t\t\t\t\t<\/div>\n\t\t\t\t<\/div>\n\t\t<div class=\"elementor-element elementor-element-5635f2f e-flex e-con-boxed e-con e-parent\" data-id=\"5635f2f\" data-element_type=\"container\">\n\t\t\t\t\t<div class=\"e-con-inner\">\n\t\t<div class=\"elementor-element elementor-element-1452f00 e-con-full e-flex e-con e-child\" data-id=\"1452f00\" data-element_type=\"container\" data-settings=\"{&quot;background_background&quot;:&quot;classic&quot;}\">\n\t\t<div class=\"elementor-element elementor-element-3f36599 e-con-full e-flex e-con e-child\" data-id=\"3f36599\" data-element_type=\"container\">\n\t\t\t\t<div class=\"elementor-element elementor-element-7335d33 elementor-widget-divider--view-line elementor-widget elementor-widget-divider\" data-id=\"7335d33\" data-element_type=\"widget\" data-widget_type=\"divider.default\">\n\t\t\t\t<div class=\"elementor-widget-container\">\n\t\t\t\t\t\t\t<div class=\"elementor-divider\">\n\t\t\t<span class=\"elementor-divider-separator\">\n\t\t\t\t\t\t<\/span>\n\t\t<\/div>\n\t\t\t\t\t\t<\/div>\n\t\t\t\t<\/div>\n\t\t\t\t<div class=\"elementor-element elementor-element-49a43cb elementor-widget elementor-widget-heading\" data-id=\"49a43cb\" data-element_type=\"widget\" data-widget_type=\"heading.default\">\n\t\t\t\t<div class=\"elementor-widget-container\">\n\t\t\t\t\t<h2 class=\"elementor-heading-title elementor-size-default\">FERIENZENTRUM PRADELLA<br>\n(GRAUB\u00dcNDEN)<\/h2>\t\t\t\t<\/div>\n\t\t\t\t<\/div>\n\t\t\t\t<div class=\"elementor-element elementor-element-d31ae2d elementor-widget elementor-widget-text-editor\" data-id=\"d31ae2d\" data-element_type=\"widget\" data-widget_type=\"text-editor.default\">\n\t\t\t\t<div class=\"elementor-widget-container\">\n\t\t\t\t\t\t\t\t\t<p><strong>Das Ferienzentrum Pradella beherbergt die von der Action Biblique der Deutschschweiz organisierten Lager. Es ist auch m\u00f6glich, die R\u00e4umlichkeiten f\u00fcr Seminare, Wochenenden, Gruppenausfl\u00fcge zu mieten.<\/strong> <br>Beschreibung des Ferienzentrums:<br>Unser Haus befindet sich auf 1170 m H\u00f6he, abseits vom L\u00e4rm, im Weiler von Pradella, Gemeinde Scuol. Auf dem 8000 m2 grossen Grundst\u00fcck stehen im Sommer zwei Spielpl\u00e4tze zur Verf\u00fcgung, f\u00fcr Fussball und andere Sportarten (z. B. Volleyball, Handball, Badminton, Frisbee usw.) Seit 2015 befindet sich unterhalb des neuen Geb\u00e4udes ein grosser Grill-Platz.<br>F\u00fcr begeisterte Bergg\u00e4nger ist der nahegelegene Nationalpark ein willkommenes Wandergebiet. Die Talstation der Gondelbahn zum schneesicheren Skigebiet Motta Naluns-Champatsch (2146 - 2800 m \u00fc. M.) ist in wenigen Autominuten erreichbar. Langl\u00e4ufer finden die Loipe direkt vor dem Haus.<br>Auch die ber\u00fchmten B\u00e4der von Scuol sind nicht weit entfernt...<\/p>\t\t\t\t\t\t\t\t<\/div>\n\t\t\t\t<\/div>\n\t\t<div class=\"elementor-element elementor-element-31d24e0 e-con-full e-flex e-con e-child\" data-id=\"31d24e0\" data-element_type=\"container\">\n\t\t\t\t<div class=\"elementor-element elementor-element-ecf2842 elementor-widget__width-auto elementor-widget elementor-widget-button\" data-id=\"ecf2842\" data-element_type=\"widget\" data-widget_type=\"button.default\">\n\t\t\t\t<div class=\"elementor-widget-container\">\n\t\t\t\t\t\t\t\t\t<div class=\"elementor-button-wrapper\">\n\t\t\t\t\t<a class=\"elementor-button elementor-button-link elementor-size-sm\" href=\"https:\/\/www.chasa-plan-grond.ch\/\">\n\t\t\t\t\t\t<span class=\"elementor-button-content-wrapper\">\n\t\t\t\t\t\t\t\t\t<span class=\"elementor-button-text\">WEITERE INFORMATIONEN<\/span>\n\t\t\t\t\t<\/span>\n\t\t\t\t\t<\/a>\n\t\t\t\t<\/div>\n\t\t\t\t\t\t\t\t<\/div>\n\t\t\t\t<\/div>\n\t\t\t\t<div class=\"elementor-element elementor-element-74d54b1 elementor-widget elementor-widget-text-editor\" data-id=\"74d54b1\" data-element_type=\"widget\" data-widget_type=\"text-editor.default\">\n\t\t\t\t<div class=\"elementor-widget-container\">\n\t\t\t\t\t\t\t\t\t<p>(Informationen nur auf Deutsch)<\/p>\t\t\t\t\t\t\t\t<\/div>\n\t\t\t\t<\/div>\n\t\t\t\t<\/div>\n\t\t\t\t<\/div>\n\t\t\t\t<\/div>\n\t\t<div class=\"elementor-element elementor-element-7d0e5a8 e-con-full e-flex e-con e-child\" data-id=\"7d0e5a8\" data-element_type=\"container\">\n\t\t\t\t<div class=\"elementor-element elementor-element-a261949 elementor-widget elementor-widget-image\" data-id=\"a261949\" data-element_type=\"widget\" data-widget_type=\"image.default\">\n\t\t\t\t<div class=\"elementor-widget-container\">\n\t\t\t\t\t\t\t\t\t\t\t\t\t\t\t<img loading=\"lazy\" decoding=\"async\" width=\"1428\" height=\"1166\" src=\"https:\/\/actionbiblique.ch\/wp-content\/uploads\/2024\/03\/Centre-de-vacances-Pradella.png\" class=\"attachment-full size-full wp-image-29782\" alt=\"\u00c9glise AB - Nos activit\u00e9s - Centre de vacances Pradella\" srcset=\"https:\/\/actionbiblique.ch\/wp-content\/uploads\/2024\/03\/Centre-de-vacances-Pradella.png 1428w, https:\/\/actionbiblique.ch\/wp-content\/uploads\/2024\/03\/Centre-de-vacances-Pradella-300x245.png 300w, https:\/\/actionbiblique.ch\/wp-content\/uploads\/2024\/03\/Centre-de-vacances-Pradella-1024x836.png 1024w, https:\/\/actionbiblique.ch\/wp-content\/uploads\/2024\/03\/Centre-de-vacances-Pradella-768x627.png 768w\" sizes=\"(max-width: 1428px) 100vw, 1428px\" \/>\t\t\t\t\t\t\t\t\t\t\t\t\t\t\t<\/div>\n\t\t\t\t<\/div>\n\t\t\t\t<\/div>\n\t\t\t\t\t<\/div>\n\t\t\t\t<\/div>\n\t\t<div class=\"elementor-element elementor-element-b72b6f0 e-flex e-con-boxed e-con e-parent\" data-id=\"b72b6f0\" data-element_type=\"container\">\n\t\t\t\t\t<div class=\"e-con-inner\">\n\t\t<div class=\"elementor-element elementor-element-9f6f2c4 e-con-full e-flex e-con e-child\" data-id=\"9f6f2c4\" data-element_type=\"container\">\n\t\t\t\t<div class=\"elementor-element elementor-element-708c833 elementor-widget elementor-widget-image\" data-id=\"708c833\" data-element_type=\"widget\" data-widget_type=\"image.default\">\n\t\t\t\t<div class=\"elementor-widget-container\">\n\t\t\t\t\t\t\t\t\t\t\t\t\t\t\t<img loading=\"lazy\" decoding=\"async\" width=\"1422\" height=\"747\" src=\"https:\/\/actionbiblique.ch\/wp-content\/uploads\/2024\/03\/Un-site-pour-decouvrir-le-message-de-la-Bible.png\" class=\"attachment-full size-full wp-image-29838\" alt=\"\u00c9glise AB - Nos activit\u00e9s - Un site pour d\u00e9couvrir le message de la Bible\" srcset=\"https:\/\/actionbiblique.ch\/wp-content\/uploads\/2024\/03\/Un-site-pour-decouvrir-le-message-de-la-Bible.png 1422w, https:\/\/actionbiblique.ch\/wp-content\/uploads\/2024\/03\/Un-site-pour-decouvrir-le-message-de-la-Bible-300x158.png 300w, https:\/\/actionbiblique.ch\/wp-content\/uploads\/2024\/03\/Un-site-pour-decouvrir-le-message-de-la-Bible-1024x538.png 1024w, https:\/\/actionbiblique.ch\/wp-content\/uploads\/2024\/03\/Un-site-pour-decouvrir-le-message-de-la-Bible-768x403.png 768w\" sizes=\"(max-width: 1422px) 100vw, 1422px\" \/>\t\t\t\t\t\t\t\t\t\t\t\t\t\t\t<\/div>\n\t\t\t\t<\/div>\n\t\t\t\t<\/div>\n\t\t<div class=\"elementor-element elementor-element-366407d e-con-full e-flex e-con e-child\" data-id=\"366407d\" data-element_type=\"container\" data-settings=\"{&quot;background_background&quot;:&quot;classic&quot;}\">\n\t\t<div class=\"elementor-element elementor-element-c8dbc7e e-con-full e-flex e-con e-child\" data-id=\"c8dbc7e\" data-element_type=\"container\">\n\t\t\t\t<div class=\"elementor-element elementor-element-9faf661 elementor-widget elementor-widget-image\" data-id=\"9faf661\" data-element_type=\"widget\" data-widget_type=\"image.default\">\n\t\t\t\t<div class=\"elementor-widget-container\">\n\t\t\t\t\t\t\t\t\t\t\t\t\t\t\t<img loading=\"lazy\" decoding=\"async\" width=\"320\" height=\"46\" src=\"https:\/\/actionbiblique.ch\/wp-content\/uploads\/2024\/03\/LogoBibleOuverte-1.svg\" class=\"attachment-full size-full wp-image-29846\" alt=\"\u00c9glise AB - Logo BibleOuverte\" \/>\t\t\t\t\t\t\t\t\t\t\t\t\t\t\t<\/div>\n\t\t\t\t<\/div>\n\t\t\t\t<div class=\"elementor-element elementor-element-690d1b4 elementor-widget-divider--view-line elementor-widget elementor-widget-divider\" data-id=\"690d1b4\" data-element_type=\"widget\" data-widget_type=\"divider.default\">\n\t\t\t\t<div class=\"elementor-widget-container\">\n\t\t\t\t\t\t\t<div class=\"elementor-divider\">\n\t\t\t<span class=\"elementor-divider-separator\">\n\t\t\t\t\t\t<\/span>\n\t\t<\/div>\n\t\t\t\t\t\t<\/div>\n\t\t\t\t<\/div>\n\t\t\t\t<\/div>\n\t\t<div class=\"elementor-element elementor-element-47accdf e-con-full e-flex e-con e-child\" data-id=\"47accdf\" data-element_type=\"container\">\n\t\t\t\t<div class=\"elementor-element elementor-element-be31961 elementor-widget elementor-widget-heading\" data-id=\"be31961\" data-element_type=\"widget\" data-widget_type=\"heading.default\">\n\t\t\t\t<div class=\"elementor-widget-container\">\n\t\t\t\t\t<h2 class=\"elementor-heading-title elementor-size-default\">EINE WEBSITE, UM DIE BOTSCHAFT DER BIBEL ZU ENTDECKEN<\/h2>\t\t\t\t<\/div>\n\t\t\t\t<\/div>\n\t\t\t\t<div class=\"elementor-element elementor-element-21192bb elementor-widget elementor-widget-text-editor\" data-id=\"21192bb\" data-element_type=\"widget\" data-widget_type=\"text-editor.default\">\n\t\t\t\t<div class=\"elementor-widget-container\">\n\t\t\t\t\t\t\t\t\t<p>(nur in franz\u00f6sischer Sprache)\nEgal ob alt oder jung, von hier oder anderswo - auf dieser Website finden Sie zahlreiche Ressourcen und Hilfsmittel, um biblische Texte zu erforschen und die verschiedenen Aspekte von Christus zu entdecken, der auf die Erde kam, um uns seinen himmlischen Vater zu offenbaren.<\/p>\t\t\t\t\t\t\t\t<\/div>\n\t\t\t\t<\/div>\n\t\t\t\t<div class=\"elementor-element elementor-element-475b0d0 elementor-mobile-align-center elementor-widget elementor-widget-button\" data-id=\"475b0d0\" data-element_type=\"widget\" data-widget_type=\"button.default\">\n\t\t\t\t<div class=\"elementor-widget-container\">\n\t\t\t\t\t\t\t\t\t<div class=\"elementor-button-wrapper\">\n\t\t\t\t\t<a class=\"elementor-button elementor-button-link elementor-size-sm\" href=\"https:\/\/www.bible-ouverte.ch\/\">\n\t\t\t\t\t\t<span class=\"elementor-button-content-wrapper\">\n\t\t\t\t\t\t\t\t\t<span class=\"elementor-button-text\">ZUR WEBSEITE<\/span>\n\t\t\t\t\t<\/span>\n\t\t\t\t\t<\/a>\n\t\t\t\t<\/div>\n\t\t\t\t\t\t\t\t<\/div>\n\t\t\t\t<\/div>\n\t\t\t\t<\/div>\n\t\t\t\t<\/div>\n\t\t\t\t\t<\/div>\n\t\t\t\t<\/div>\n\t\t<div class=\"elementor-element elementor-element-427975c e-flex e-con-boxed e-con e-parent\" data-id=\"427975c\" data-element_type=\"container\">\n\t\t\t\t\t<div class=\"e-con-inner\">\n\t\t<div class=\"elementor-element elementor-element-6a9c4c0 e-con-full e-flex e-con e-child\" data-id=\"6a9c4c0\" data-element_type=\"container\" data-settings=\"{&quot;background_background&quot;:&quot;classic&quot;}\">\n\t\t<div class=\"elementor-element elementor-element-87114dc e-con-full e-flex e-con e-child\" data-id=\"87114dc\" data-element_type=\"container\">\n\t\t\t\t<div class=\"elementor-element elementor-element-5710578 elementor-widget-divider--view-line elementor-widget elementor-widget-divider\" data-id=\"5710578\" data-element_type=\"widget\" data-widget_type=\"divider.default\">\n\t\t\t\t<div class=\"elementor-widget-container\">\n\t\t\t\t\t\t\t<div class=\"elementor-divider\">\n\t\t\t<span class=\"elementor-divider-separator\">\n\t\t\t\t\t\t<\/span>\n\t\t<\/div>\n\t\t\t\t\t\t<\/div>\n\t\t\t\t<\/div>\n\t\t\t\t<div class=\"elementor-element elementor-element-a8bf54f elementor-widget elementor-widget-heading\" data-id=\"a8bf54f\" data-element_type=\"widget\" data-widget_type=\"heading.default\">\n\t\t\t\t<div class=\"elementor-widget-container\">\n\t\t\t\t\t<h2 class=\"elementor-heading-title elementor-size-default\">CMABS (MISSIONSKOMMISSION)<\/h2>\t\t\t\t<\/div>\n\t\t\t\t<\/div>\n\t\t\t\t<div class=\"elementor-element elementor-element-943ae77 elementor-widget elementor-widget-text-editor\" data-id=\"943ae77\" data-element_type=\"widget\" data-widget_type=\"text-editor.default\">\n\t\t\t\t<div class=\"elementor-widget-container\">\n\t\t\t\t\t\t\t\t\t<p><strong>Die Missionskommission Action Biblique Schweiz (CMABS) fungiert als Bindeglied zwischen den von unseren Gemeinden ausgesandten Mitarbeitenden, die in transkulturellen Gebieten t\u00e4tig sind, und der ABS.<\/strong><br \/>Die CMABS verfolgt zwei Ziele: <br \/>1. Sie unterst\u00fctzt und begleitet die ausgesandten Mitarbeitenden in ihrem Dienst durch praktische Hilfe und Gebet <br \/>2. Die CMABS erm\u00f6glicht den Ortsgemeinden, den Kontakt mit den Mitarbeitenden im Ausland aufrecht zu erhalten, sie zu begleiten und f\u00fcr sie zu beten. Zudem ermutigt sie die Gemeinden, sich f\u00fcr ihre Bed\u00fcrfnisse einzusetzen und ihre Nachrichten zu verbreiten. <br \/>Die CMABS trifft sich viermal j\u00e4hrlich und organisiert j\u00e4hrlich einen Missionstag.<\/p>\t\t\t\t\t\t\t\t<\/div>\n\t\t\t\t<\/div>\n\t\t<div class=\"elementor-element elementor-element-8dc7c32 e-con-full e-flex e-con e-child\" data-id=\"8dc7c32\" data-element_type=\"container\">\n\t\t\t\t<div class=\"elementor-element elementor-element-b50b6c6 elementor-widget__width-auto elementor-widget elementor-widget-button\" data-id=\"b50b6c6\" data-element_type=\"widget\" data-widget_type=\"button.default\">\n\t\t\t\t<div class=\"elementor-widget-container\">\n\t\t\t\t\t\t\t\t\t<div class=\"elementor-button-wrapper\">\n\t\t\t\t\t<a class=\"elementor-button elementor-button-link elementor-size-sm\" href=\"mailto:cmabs@actionbiblique.info\">\n\t\t\t\t\t\t<span class=\"elementor-button-content-wrapper\">\n\t\t\t\t\t\t\t\t\t<span class=\"elementor-button-text\">WEITERE INFORMATIONEN<\/span>\n\t\t\t\t\t<\/span>\n\t\t\t\t\t<\/a>\n\t\t\t\t<\/div>\n\t\t\t\t\t\t\t\t<\/div>\n\t\t\t\t<\/div>\n\t\t\t\t<\/div>\n\t\t\t\t<\/div>\n\t\t\t\t<\/div>\n\t\t<div class=\"elementor-element elementor-element-8002938 e-con-full e-flex e-con e-child\" data-id=\"8002938\" data-element_type=\"container\">\n\t\t\t\t<div class=\"elementor-element elementor-element-d98ee5e elementor-widget elementor-widget-image\" data-id=\"d98ee5e\" data-element_type=\"widget\" data-widget_type=\"image.default\">\n\t\t\t\t<div class=\"elementor-widget-container\">\n\t\t\t\t\t\t\t\t\t\t\t\t\t\t\t<img loading=\"lazy\" decoding=\"async\" width=\"1428\" height=\"951\" src=\"https:\/\/actionbiblique.ch\/wp-content\/uploads\/2024\/03\/CMABS-Commission-mission.png\" class=\"attachment-full size-full wp-image-29813\" alt=\"\u00c9glise AB - Nos activit\u00e9s - CMABS (Commission mission)\" srcset=\"https:\/\/actionbiblique.ch\/wp-content\/uploads\/2024\/03\/CMABS-Commission-mission.png 1428w, https:\/\/actionbiblique.ch\/wp-content\/uploads\/2024\/03\/CMABS-Commission-mission-300x200.png 300w, https:\/\/actionbiblique.ch\/wp-content\/uploads\/2024\/03\/CMABS-Commission-mission-1024x682.png 1024w, https:\/\/actionbiblique.ch\/wp-content\/uploads\/2024\/03\/CMABS-Commission-mission-768x511.png 768w\" sizes=\"(max-width: 1428px) 100vw, 1428px\" \/>\t\t\t\t\t\t\t\t\t\t\t\t\t\t\t<\/div>\n\t\t\t\t<\/div>\n\t\t\t\t<\/div>\n\t\t\t\t\t<\/div>\n\t\t\t\t<\/div>\n\t\t\t\t<\/div>","protected":false},"excerpt":{"rendered":"<p>nos activit\u00e9s une orientation jeunesse, des lieux d\u2019h\u00e9bergement et des outils d\u2019\u00e9tude de la Bible un panel d\u2019activit\u00e9s pour tous L\u2019Action Biblique Suisse n\u2019est pas juste une association d\u2019\u00c9glises. C\u2019est aussi une association qui a une jeunesse dynamique, avec plusieurs lieux d\u2019h\u00e9bergement pour des camps. Elle propose aussi des s\u00e9jours bibliques. Ces diff\u00e9rents lieux peuvent [&hellip;]<\/p>\n","protected":false},"author":1,"featured_media":0,"parent":0,"menu_order":0,"comment_status":"closed","ping_status":"closed","template":"","meta":{"footnotes":""},"class_list":["post-29737","page","type-page","status-publish","hentry"],"yoast_head":"<!-- This site is optimized with the Yoast SEO plugin v27.5 - https:\/\/yoast.com\/product\/yoast-seo-wordpress\/ -->\n<title>Nos activit\u00e9s - Action Biblique Suisse<\/title>\n<meta name=\"description\" content=\"Nos activit\u00e9s: un panel d&#039;activit\u00e9s pour tous. Une orientation jeunesse, des lieux d\u2019h\u00e9bergement et des outils d\u2019\u00e9tude de la Bible.\" \/>\n<meta name=\"robots\" content=\"index, follow, max-snippet:-1, max-image-preview:large, max-video-preview:-1\" \/>\n<link rel=\"canonical\" href=\"https:\/\/actionbiblique.ch\/de\/unsere-aktivitaten\/\" \/>\n<meta property=\"og:locale\" content=\"de_DE\" \/>\n<meta property=\"og:type\" content=\"article\" \/>\n<meta property=\"og:title\" content=\"Nos activit\u00e9s - Action Biblique Suisse\" \/>\n<meta property=\"og:description\" content=\"Nos activit\u00e9s: un panel d&#039;activit\u00e9s pour tous. Une orientation jeunesse, des lieux d\u2019h\u00e9bergement et des outils d\u2019\u00e9tude de la Bible.\" \/>\n<meta property=\"og:url\" content=\"https:\/\/actionbiblique.ch\/de\/unsere-aktivitaten\/\" \/>\n<meta property=\"og:site_name\" content=\"Action Biblique Suisse\" \/>\n<meta property=\"article:modified_time\" content=\"2024-11-04T17:35:32+00:00\" \/>\n<meta property=\"og:image\" content=\"https:\/\/actionbiblique.ch\/wp-content\/uploads\/2024\/03\/Nos-activites-1.png\" \/>\n<meta name=\"twitter:card\" content=\"summary_large_image\" \/>\n<meta name=\"twitter:label1\" content=\"Gesch\u00e4tzte Lesezeit\" \/>\n\t<meta name=\"twitter:data1\" content=\"5\u00a0Minuten\" \/>\n<!-- \/ Yoast SEO plugin. -->","yoast_head_json":{"title":"Nos activit\u00e9s - Action Biblique Suisse","description":"Nos activit\u00e9s: un panel d'activit\u00e9s pour tous. Une orientation jeunesse, des lieux d\u2019h\u00e9bergement et des outils d\u2019\u00e9tude de la Bible.","robots":{"index":"index","follow":"follow","max-snippet":"max-snippet:-1","max-image-preview":"max-image-preview:large","max-video-preview":"max-video-preview:-1"},"canonical":"https:\/\/actionbiblique.ch\/de\/unsere-aktivitaten\/","og_locale":"de_DE","og_type":"article","og_title":"Nos activit\u00e9s - Action Biblique Suisse","og_description":"Nos activit\u00e9s: un panel d'activit\u00e9s pour tous. Une orientation jeunesse, des lieux d\u2019h\u00e9bergement et des outils d\u2019\u00e9tude de la Bible.","og_url":"https:\/\/actionbiblique.ch\/de\/unsere-aktivitaten\/","og_site_name":"Action Biblique Suisse","article_modified_time":"2024-11-04T17:35:32+00:00","og_image":[{"url":"https:\/\/actionbiblique.ch\/wp-content\/uploads\/2024\/03\/Nos-activites-1.png","type":"","width":"","height":""}],"twitter_card":"summary_large_image","twitter_misc":{"Gesch\u00e4tzte Lesezeit":"5\u00a0Minuten"},"schema":{"@context":"https:\/\/schema.org","@graph":[{"@type":"WebPage","@id":"https:\/\/actionbiblique.ch\/nos-activites\/","url":"https:\/\/actionbiblique.ch\/nos-activites\/","name":"Nos activit\u00e9s - Action Biblique Suisse","isPartOf":{"@id":"https:\/\/actionbiblique.ch\/#website"},"primaryImageOfPage":{"@id":"https:\/\/actionbiblique.ch\/nos-activites\/#primaryimage"},"image":{"@id":"https:\/\/actionbiblique.ch\/nos-activites\/#primaryimage"},"thumbnailUrl":"https:\/\/actionbiblique.ch\/wp-content\/uploads\/2024\/03\/Nos-activites-1.png","datePublished":"2024-03-28T20:25:39+00:00","dateModified":"2024-11-04T17:35:32+00:00","description":"Nos activit\u00e9s: un panel d'activit\u00e9s pour tous. Une orientation jeunesse, des lieux d\u2019h\u00e9bergement et des outils d\u2019\u00e9tude de la Bible.","breadcrumb":{"@id":"https:\/\/actionbiblique.ch\/nos-activites\/#breadcrumb"},"inLanguage":"de","potentialAction":[{"@type":"ReadAction","target":["https:\/\/actionbiblique.ch\/nos-activites\/"]}]},{"@type":"ImageObject","inLanguage":"de","@id":"https:\/\/actionbiblique.ch\/nos-activites\/#primaryimage","url":"https:\/\/actionbiblique.ch\/wp-content\/uploads\/2024\/03\/Nos-activites-1.png","contentUrl":"https:\/\/actionbiblique.ch\/wp-content\/uploads\/2024\/03\/Nos-activites-1.png"},{"@type":"BreadcrumbList","@id":"https:\/\/actionbiblique.ch\/nos-activites\/#breadcrumb","itemListElement":[{"@type":"ListItem","position":1,"name":"Accueil","item":"https:\/\/actionbiblique.ch\/fr\/"},{"@type":"ListItem","position":2,"name":"Nos activit\u00e9s"}]},{"@type":"WebSite","@id":"https:\/\/actionbiblique.ch\/#website","url":"https:\/\/actionbiblique.ch\/","name":"ACTION BIBLIQUE","description":"Vivre J\u00e9sus Christ et l\u2019\u00e9vangile en Suisse!","publisher":{"@id":"https:\/\/actionbiblique.ch\/#organization"},"potentialAction":[{"@type":"SearchAction","target":{"@type":"EntryPoint","urlTemplate":"https:\/\/actionbiblique.ch\/?s={search_term_string}"},"query-input":{"@type":"PropertyValueSpecification","valueRequired":true,"valueName":"search_term_string"}}],"inLanguage":"de"},{"@type":"Organization","@id":"https:\/\/actionbiblique.ch\/#organization","name":"ACTION BIBLIQUE","url":"https:\/\/actionbiblique.ch\/","logo":{"@type":"ImageObject","inLanguage":"de","@id":"https:\/\/actionbiblique.ch\/#\/schema\/logo\/image\/","url":"https:\/\/actionbiblique.ch\/wp-content\/uploads\/2024\/03\/ABSuisse-logo.png","contentUrl":"https:\/\/actionbiblique.ch\/wp-content\/uploads\/2024\/03\/ABSuisse-logo.png","width":255,"height":255,"caption":"Action Biblique"},"image":{"@id":"https:\/\/actionbiblique.ch\/#\/schema\/logo\/image\/"}}]}},"_links":{"self":[{"href":"https:\/\/actionbiblique.ch\/de\/wp-json\/wp\/v2\/pages\/29737","targetHints":{"allow":["GET"]}}],"collection":[{"href":"https:\/\/actionbiblique.ch\/de\/wp-json\/wp\/v2\/pages"}],"about":[{"href":"https:\/\/actionbiblique.ch\/de\/wp-json\/wp\/v2\/types\/page"}],"author":[{"embeddable":true,"href":"https:\/\/actionbiblique.ch\/de\/wp-json\/wp\/v2\/users\/1"}],"replies":[{"embeddable":true,"href":"https:\/\/actionbiblique.ch\/de\/wp-json\/wp\/v2\/comments?post=29737"}],"version-history":[{"count":0,"href":"https:\/\/actionbiblique.ch\/de\/wp-json\/wp\/v2\/pages\/29737\/revisions"}],"wp:attachment":[{"href":"https:\/\/actionbiblique.ch\/de\/wp-json\/wp\/v2\/media?parent=29737"}],"curies":[{"name":"wp","href":"https:\/\/api.w.org\/{rel}","templated":true}]}}