{"id":29434,"date":"2024-03-28T13:36:13","date_gmt":"2024-03-28T12:36:13","guid":{"rendered":"https:\/\/actionbiblique.ch\/?page_id=29434"},"modified":"2026-02-04T15:07:34","modified_gmt":"2026-02-04T14:07:34","slug":"charta-gemeinsam-gegen-grenzverletzung","status":"publish","type":"page","link":"https:\/\/actionbiblique.ch\/de\/charta-gemeinsam-gegen-grenzverletzung\/","title":{"rendered":"Charta Gemeinsam"},"content":{"rendered":"<div data-elementor-type=\"wp-page\" data-elementor-id=\"29434\" class=\"elementor elementor-29434\" data-elementor-post-type=\"page\">\n\t\t\t\t<div class=\"elementor-element elementor-element-7ececed5 e-flex e-con-boxed e-con e-parent\" data-id=\"7ececed5\" data-element_type=\"container\">\n\t\t\t\t\t<div class=\"e-con-inner\">\n\t\t<div class=\"elementor-element elementor-element-4403f95d e-con-full e-flex e-con e-child\" data-id=\"4403f95d\" data-element_type=\"container\">\n\t\t<div class=\"elementor-element elementor-element-11892af7 e-con-full e-flex e-con e-child\" data-id=\"11892af7\" data-element_type=\"container\">\n\t\t<div class=\"elementor-element elementor-element-6859b868 e-flex e-con-boxed e-con e-child\" data-id=\"6859b868\" data-element_type=\"container\" data-settings=\"{&quot;background_background&quot;:&quot;classic&quot;}\">\n\t\t\t\t\t<div class=\"e-con-inner\">\n\t\t<div class=\"elementor-element elementor-element-296c86e3 e-con-full e-flex e-con e-child\" data-id=\"296c86e3\" data-element_type=\"container\">\n\t\t\t\t<\/div>\n\t\t<div class=\"elementor-element elementor-element-371f554f e-con-full e-flex e-con e-child\" data-id=\"371f554f\" data-element_type=\"container\">\n\t\t\t\t<div class=\"elementor-element elementor-element-344a7db0 elementor-widget elementor-widget-heading\" data-id=\"344a7db0\" data-element_type=\"widget\" data-widget_type=\"heading.default\">\n\t\t\t\t<div class=\"elementor-widget-container\">\n\t\t\t\t\t<h1 class=\"elementor-heading-title elementor-size-default\">CHARTA \nGEMEINSAM GEGEN GRENZVERLETZUNG<\/h1>\t\t\t\t<\/div>\n\t\t\t\t<\/div>\n\t\t\t\t<\/div>\n\t\t\t\t\t<\/div>\n\t\t\t\t<\/div>\n\t\t\t\t<\/div>\n\t\t<div class=\"elementor-element elementor-element-45981bca e-con-full e-flex e-con e-child\" data-id=\"45981bca\" data-element_type=\"container\">\n\t\t\t\t<div class=\"elementor-element elementor-element-7fe5d192 elementor-widget elementor-widget-image\" data-id=\"7fe5d192\" data-element_type=\"widget\" data-widget_type=\"image.default\">\n\t\t\t\t<div class=\"elementor-widget-container\">\n\t\t\t\t\t\t\t\t\t\t\t\t\t\t\t<img fetchpriority=\"high\" decoding=\"async\" width=\"2151\" height=\"855\" src=\"https:\/\/actionbiblique.ch\/wp-content\/uploads\/2024\/03\/charte-contre-les-comportements-transgressifs.png\" class=\"attachment-full size-full wp-image-29436\" alt=\"\u00c9glise AB - charte contre les comportements transgressifs\" srcset=\"https:\/\/actionbiblique.ch\/wp-content\/uploads\/2024\/03\/charte-contre-les-comportements-transgressifs.png 2151w, https:\/\/actionbiblique.ch\/wp-content\/uploads\/2024\/03\/charte-contre-les-comportements-transgressifs-300x119.png 300w, https:\/\/actionbiblique.ch\/wp-content\/uploads\/2024\/03\/charte-contre-les-comportements-transgressifs-1024x407.png 1024w, https:\/\/actionbiblique.ch\/wp-content\/uploads\/2024\/03\/charte-contre-les-comportements-transgressifs-768x305.png 768w, https:\/\/actionbiblique.ch\/wp-content\/uploads\/2024\/03\/charte-contre-les-comportements-transgressifs-1536x611.png 1536w, https:\/\/actionbiblique.ch\/wp-content\/uploads\/2024\/03\/charte-contre-les-comportements-transgressifs-2048x814.png 2048w\" sizes=\"(max-width: 2151px) 100vw, 2151px\" \/>\t\t\t\t\t\t\t\t\t\t\t\t\t\t\t<\/div>\n\t\t\t\t<\/div>\n\t\t\t\t<\/div>\n\t\t\t\t<\/div>\n\t\t<div class=\"elementor-element elementor-element-1a5557fc e-con-full e-flex e-con e-child\" data-id=\"1a5557fc\" data-element_type=\"container\">\n\t\t<div class=\"elementor-element elementor-element-371915fe e-con-full e-flex e-con e-child\" data-id=\"371915fe\" data-element_type=\"container\" data-settings=\"{&quot;background_background&quot;:&quot;classic&quot;}\">\n\t\t\t\t<\/div>\n\t\t\t\t<\/div>\n\t\t\t\t\t<\/div>\n\t\t\t\t<\/div>\n\t\t<div class=\"elementor-element elementor-element-86a336e e-flex e-con-boxed e-con e-parent\" data-id=\"86a336e\" data-element_type=\"container\">\n\t\t\t\t\t<div class=\"e-con-inner\">\n\t\t\t\t<div class=\"elementor-element elementor-element-39f4992 elementor-widget__width-initial elementor-widget elementor-widget-text-editor\" data-id=\"39f4992\" data-element_type=\"widget\" data-widget_type=\"text-editor.default\">\n\t\t\t\t<div class=\"elementor-widget-container\">\n\t\t\t\t\t\t\t\t\t<p>Im Dezember 2022 trafen sich etwa f\u00fcnfzig Vereinigungen von Gemeinden und christlichen Werken, unter anderen auch die Action Biblique Schweiz, um eine \u201eCharta gegen \u00fcbergriffiges Verhalten\u201c zu unterzeichnen.<\/p>\t\t\t\t\t\t\t\t<\/div>\n\t\t\t\t<\/div>\n\t\t\t\t<div class=\"elementor-element elementor-element-02246d0 elementor-view-default elementor-widget elementor-widget-icon\" data-id=\"02246d0\" data-element_type=\"widget\" data-widget_type=\"icon.default\">\n\t\t\t\t<div class=\"elementor-widget-container\">\n\t\t\t\t\t\t\t<div class=\"elementor-icon-wrapper\">\n\t\t\t<a class=\"elementor-icon\" href=\"#en-savoir-plus\" title=\"en savoir plus\">\n\t\t\t<svg xmlns=\"http:\/\/www.w3.org\/2000\/svg\" width=\"25\" height=\"14\" viewbox=\"0 0 25 14\" fill=\"none\"><g id=\"Groupe 1833\"><path id=\"Trac&#xC3;&#xA9; 147\" d=\"M0.999997 1.0001L12.542 12.543L24.0803 1.00368\" stroke=\"#939393\" stroke-width=\"2\"><\/path><\/g><\/svg>\t\t\t<\/a>\n\t\t<\/div>\n\t\t\t\t\t\t<\/div>\n\t\t\t\t<\/div>\n\t\t\t\t<div class=\"elementor-element elementor-element-3a32eb8 elementor-widget elementor-widget-menu-anchor\" data-id=\"3a32eb8\" data-element_type=\"widget\" data-widget_type=\"menu-anchor.default\">\n\t\t\t\t<div class=\"elementor-widget-container\">\n\t\t\t\t\t\t\t<div class=\"elementor-menu-anchor\" id=\"en-savoir-plus\"><\/div>\n\t\t\t\t\t\t<\/div>\n\t\t\t\t<\/div>\n\t\t<div class=\"elementor-element elementor-element-d378b69 e-con-full e-flex e-con e-child\" data-id=\"d378b69\" data-element_type=\"container\" data-settings=\"{&quot;background_background&quot;:&quot;classic&quot;}\">\n\t\t<div class=\"elementor-element elementor-element-af76a2d e-flex e-con-boxed e-con e-child\" data-id=\"af76a2d\" data-element_type=\"container\">\n\t\t\t\t\t<div class=\"e-con-inner\">\n\t\t<div class=\"elementor-element elementor-element-916fd36 e-con-full e-flex e-con e-child\" data-id=\"916fd36\" data-element_type=\"container\">\n\t\t\t\t<div class=\"elementor-element elementor-element-bca6859 elementor-widget elementor-widget-text-editor\" data-id=\"bca6859\" data-element_type=\"widget\" data-widget_type=\"text-editor.default\">\n\t\t\t\t<div class=\"elementor-widget-container\">\n\t\t\t\t\t\t\t\t\t<p><strong>Worum geht es in dieser Charta?<\/strong><br \/>Im Allgemeinen werden Gemeinden als Orte gesehen, wo sich Menschen vertrauensvoll und sicher f\u00fchlen k\u00f6nnen, gesch\u00fctzt vor verschiedenen Formen k\u00f6rperlicher, moralischer oder geistlicher \u00dcbergriffe. Leider ist dieses Vertrauen in christliche Institutionen angesichts der aktuellen Ereignisse der letzten Jahre geschwunden.<br \/>Die Charta soll helfen, dieses Vertrauen wiederherzustellen. Weiter soll sie dazu beitragen, allen Personen, die mit unserer Vereinigung, unseren Gemeinden oder unserer Jugendarbeit in Verbindung stehen, einen sicheren Rahmen zu bieten.\n\nWir sind uns bewusst, dass diese Charta keine absolute Garantie daf\u00fcr bietet, dass keine Probleme auftreten, aber die Tatsache, dass wir einen klaren Rahmen zu diesem Thema haben, erm\u00f6glicht zumindest ein schnelles Eingreifen in Situationen, die einen missbr\u00e4uchlichen Charakter haben k\u00f6nnten, sowie f\u00fcr Personen, die einen Missbrauch erlebt haben. \nDie betroffenen Personen k\u00f6nnen so den Missbrauch melden, ohne ein Urteil oder eine Ablehnung zu bef\u00fcrchten.<\/p><p><strong>Ressourcen-Dokumente<\/strong><br \/>Durch Anklicken des untenstehenden gelangen Sie zur Charta, die durch die SEA \u00abSchweizerische Evangelische Allianz\u00bb erstellt und von den verschiedenen Teilnehmern der Konferenz 2022 unterzeichnet wurde. Sie k\u00f6nnen sie frei herunterladen. Auf derselben Website finden Sie auch die Vereinigungen, die diese Charta unterzeichnet haben, und erhalten weitere Informationen: <a href=\"https:\/\/stopgrenzverletzungen.ch\/die-charta\/\">stopgrenzverletzungen.ch<\/a>.<\/p>\t\t\t\t\t\t\t\t<\/div>\n\t\t\t\t<\/div>\n\t\t\t\t<div class=\"elementor-element elementor-element-9317e7c elementor-widget elementor-widget-button\" data-id=\"9317e7c\" data-element_type=\"widget\" data-widget_type=\"button.default\">\n\t\t\t\t<div class=\"elementor-widget-container\">\n\t\t\t\t\t\t\t\t\t<div class=\"elementor-button-wrapper\">\n\t\t\t\t\t<a class=\"elementor-button elementor-button-link elementor-size-sm\" href=\"https:\/\/stopgrenzverletzungen.ch\/die-charta\/\" target=\"_blank\">\n\t\t\t\t\t\t<span class=\"elementor-button-content-wrapper\">\n\t\t\t\t\t\t\t\t\t<span class=\"elementor-button-text\">ZUR WEBSEITE<\/span>\n\t\t\t\t\t<\/span>\n\t\t\t\t\t<\/a>\n\t\t\t\t<\/div>\n\t\t\t\t\t\t\t\t<\/div>\n\t\t\t\t<\/div>\n\t\t\t\t<\/div>\n\t\t\t\t\t<\/div>\n\t\t\t\t<\/div>\n\t\t<div class=\"elementor-element elementor-element-26ab743 e-flex e-con-boxed e-con e-child\" data-id=\"26ab743\" data-element_type=\"container\">\n\t\t\t\t\t<div class=\"e-con-inner\">\n\t\t<div class=\"elementor-element elementor-element-02a5d59 e-con-full e-flex e-con e-child\" data-id=\"02a5d59\" data-element_type=\"container\">\n\t\t\t\t<div class=\"elementor-element elementor-element-44c1631 elementor-widget elementor-widget-text-editor\" data-id=\"44c1631\" data-element_type=\"widget\" data-widget_type=\"text-editor.default\">\n\t\t\t\t<div class=\"elementor-widget-container\">\n\t\t\t\t\t\t\t\t\t<p>Neben dieser Charta hat die Action Biblique Schweiz Protokolle zu dieser Thematik erstellt, darunter eine Charta f\u00fcr Pastoren, Mitarbeiter und Freiwillige Mitarbeiter der Vereinigung sowie eine Charta f\u00fcr Lager-Leiter und Lager-Staff. Diese Dokumente sind nur auf begr\u00fcndete Anfrage erh\u00e4ltlich, die an die Action Biblique zu richten ist.<br \/>F\u00fcr weitere Informationen oder die Meldung eines allf\u00e4lligen Missbrauchs wenden Sie sich bitte an folgende Adresse:\u00a0 <a href=\"mailto:comite@actionbiblique.org\">comite@actionbiblique.org<\/a><span class=\"Apple-converted-space\">\u00a0<\/span><\/p>\t\t\t\t\t\t\t\t<\/div>\n\t\t\t\t<\/div>\n\t\t\t\t<div class=\"elementor-element elementor-element-f482f0c elementor-widget elementor-widget-button\" data-id=\"f482f0c\" data-element_type=\"widget\" data-widget_type=\"button.default\">\n\t\t\t\t<div class=\"elementor-widget-container\">\n\t\t\t\t\t\t\t\t\t<div class=\"elementor-button-wrapper\">\n\t\t\t\t\t<a class=\"elementor-button elementor-button-link elementor-size-sm\" href=\"mailto:signalement@actionbiblique.org\" target=\"_blank\">\n\t\t\t\t\t\t<span class=\"elementor-button-content-wrapper\">\n\t\t\t\t\t\t\t\t\t<span class=\"elementor-button-text\">EINE MITTEILUNG SENDEN<\/span>\n\t\t\t\t\t<\/span>\n\t\t\t\t\t<\/a>\n\t\t\t\t<\/div>\n\t\t\t\t\t\t\t\t<\/div>\n\t\t\t\t<\/div>\n\t\t\t\t<\/div>\n\t\t\t\t\t<\/div>\n\t\t\t\t<\/div>\n\t\t\t\t<\/div>\n\t\t\t\t\t<\/div>\n\t\t\t\t<\/div>\n\t\t\t\t<\/div>","protected":false},"excerpt":{"rendered":"<p>charte contre les\u2028comportements transgressifs En d\u00e9cembre 2022, une cinquantaine d\u2019associations d\u2019\u00c9glises et \u0153uvres chr\u00e9tiennes dont l\u2019Action Biblique Suisse se sont retrouv\u00e9es pour signer une charte \u00ab contre les comportements transgressifs \u00bb. En quoi consiste cette charte ?De mani\u00e8re g\u00e9n\u00e9rale, les \u00c9glises sont vues comme des lieux o\u00f9 les personnes peuvent se sentir en confiance et [&hellip;]<\/p>\n","protected":false},"author":1,"featured_media":0,"parent":0,"menu_order":0,"comment_status":"closed","ping_status":"closed","template":"","meta":{"footnotes":""},"class_list":["post-29434","page","type-page","status-publish","hentry"],"yoast_head":"<!-- This site is optimized with the Yoast SEO plugin v27.5 - https:\/\/yoast.com\/product\/yoast-seo-wordpress\/ -->\n<title>Charte de comportement - Action Biblique Suisse<\/title>\n<meta name=\"description\" content=\"Une cinquantaine d\u2019associations d\u2019Eglises et \u0153uvres chr\u00e9tiennes se sont retrouv\u00e9es pour signer une charte de comportement\" \/>\n<meta name=\"robots\" content=\"index, follow, max-snippet:-1, max-image-preview:large, max-video-preview:-1\" \/>\n<link rel=\"canonical\" href=\"https:\/\/actionbiblique.ch\/de\/charta-gemeinsam-gegen-grenzverletzung\/\" \/>\n<meta property=\"og:locale\" content=\"de_DE\" \/>\n<meta property=\"og:type\" content=\"article\" \/>\n<meta property=\"og:title\" content=\"Charte de comportement - Action Biblique Suisse\" \/>\n<meta property=\"og:description\" content=\"Une cinquantaine d\u2019associations d\u2019Eglises et \u0153uvres chr\u00e9tiennes se sont retrouv\u00e9es pour signer une charte de comportement\" \/>\n<meta property=\"og:url\" content=\"https:\/\/actionbiblique.ch\/de\/charta-gemeinsam-gegen-grenzverletzung\/\" \/>\n<meta property=\"og:site_name\" content=\"Action Biblique Suisse\" \/>\n<meta property=\"article:modified_time\" content=\"2026-02-04T14:07:34+00:00\" \/>\n<meta property=\"og:image\" content=\"https:\/\/actionbiblique.ch\/wp-content\/uploads\/2024\/03\/charte-contre-les-comportements-transgressifs-1024x407.png\" \/>\n\t<meta property=\"og:image:width\" content=\"1024\" \/>\n\t<meta property=\"og:image:height\" content=\"407\" \/>\n\t<meta property=\"og:image:type\" content=\"image\/png\" \/>\n<meta name=\"twitter:card\" content=\"summary_large_image\" \/>\n<meta name=\"twitter:label1\" content=\"Gesch\u00e4tzte Lesezeit\" \/>\n\t<meta name=\"twitter:data1\" content=\"2\u00a0Minuten\" \/>\n<!-- \/ Yoast SEO plugin. -->","yoast_head_json":{"title":"Charte de comportement - Action Biblique Suisse","description":"Une cinquantaine d\u2019associations d\u2019Eglises et \u0153uvres chr\u00e9tiennes se sont retrouv\u00e9es pour signer une charte de comportement","robots":{"index":"index","follow":"follow","max-snippet":"max-snippet:-1","max-image-preview":"max-image-preview:large","max-video-preview":"max-video-preview:-1"},"canonical":"https:\/\/actionbiblique.ch\/de\/charta-gemeinsam-gegen-grenzverletzung\/","og_locale":"de_DE","og_type":"article","og_title":"Charte de comportement - Action Biblique Suisse","og_description":"Une cinquantaine d\u2019associations d\u2019Eglises et \u0153uvres chr\u00e9tiennes se sont retrouv\u00e9es pour signer une charte de comportement","og_url":"https:\/\/actionbiblique.ch\/de\/charta-gemeinsam-gegen-grenzverletzung\/","og_site_name":"Action Biblique Suisse","article_modified_time":"2026-02-04T14:07:34+00:00","og_image":[{"width":1024,"height":407,"url":"https:\/\/actionbiblique.ch\/wp-content\/uploads\/2024\/03\/charte-contre-les-comportements-transgressifs-1024x407.png","type":"image\/png"}],"twitter_card":"summary_large_image","twitter_misc":{"Gesch\u00e4tzte Lesezeit":"2\u00a0Minuten"},"schema":{"@context":"https:\/\/schema.org","@graph":[{"@type":"WebPage","@id":"https:\/\/actionbiblique.ch\/fr\/charte-de-comportement\/","url":"https:\/\/actionbiblique.ch\/fr\/charte-de-comportement\/","name":"Charte de comportement - Action Biblique Suisse","isPartOf":{"@id":"https:\/\/actionbiblique.ch\/#website"},"primaryImageOfPage":{"@id":"https:\/\/actionbiblique.ch\/fr\/charte-de-comportement\/#primaryimage"},"image":{"@id":"https:\/\/actionbiblique.ch\/fr\/charte-de-comportement\/#primaryimage"},"thumbnailUrl":"https:\/\/actionbiblique.ch\/wp-content\/uploads\/2024\/03\/charte-contre-les-comportements-transgressifs.png","datePublished":"2024-03-28T12:36:13+00:00","dateModified":"2026-02-04T14:07:34+00:00","description":"Une cinquantaine d\u2019associations d\u2019Eglises et \u0153uvres chr\u00e9tiennes se sont retrouv\u00e9es pour signer une charte de comportement","breadcrumb":{"@id":"https:\/\/actionbiblique.ch\/fr\/charte-de-comportement\/#breadcrumb"},"inLanguage":"de","potentialAction":[{"@type":"ReadAction","target":["https:\/\/actionbiblique.ch\/fr\/charte-de-comportement\/"]}]},{"@type":"ImageObject","inLanguage":"de","@id":"https:\/\/actionbiblique.ch\/fr\/charte-de-comportement\/#primaryimage","url":"https:\/\/actionbiblique.ch\/wp-content\/uploads\/2024\/03\/charte-contre-les-comportements-transgressifs.png","contentUrl":"https:\/\/actionbiblique.ch\/wp-content\/uploads\/2024\/03\/charte-contre-les-comportements-transgressifs.png"},{"@type":"BreadcrumbList","@id":"https:\/\/actionbiblique.ch\/fr\/charte-de-comportement\/#breadcrumb","itemListElement":[{"@type":"ListItem","position":1,"name":"Accueil","item":"https:\/\/actionbiblique.ch\/fr\/"},{"@type":"ListItem","position":2,"name":"Charte de comportement"}]},{"@type":"WebSite","@id":"https:\/\/actionbiblique.ch\/#website","url":"https:\/\/actionbiblique.ch\/","name":"ACTION BIBLIQUE","description":"Vivre J\u00e9sus Christ et l\u2019\u00e9vangile en Suisse!","publisher":{"@id":"https:\/\/actionbiblique.ch\/#organization"},"potentialAction":[{"@type":"SearchAction","target":{"@type":"EntryPoint","urlTemplate":"https:\/\/actionbiblique.ch\/?s={search_term_string}"},"query-input":{"@type":"PropertyValueSpecification","valueRequired":true,"valueName":"search_term_string"}}],"inLanguage":"de"},{"@type":"Organization","@id":"https:\/\/actionbiblique.ch\/#organization","name":"ACTION BIBLIQUE","url":"https:\/\/actionbiblique.ch\/","logo":{"@type":"ImageObject","inLanguage":"de","@id":"https:\/\/actionbiblique.ch\/#\/schema\/logo\/image\/","url":"https:\/\/actionbiblique.ch\/wp-content\/uploads\/2024\/03\/ABSuisse-logo.png","contentUrl":"https:\/\/actionbiblique.ch\/wp-content\/uploads\/2024\/03\/ABSuisse-logo.png","width":255,"height":255,"caption":"Action Biblique"},"image":{"@id":"https:\/\/actionbiblique.ch\/#\/schema\/logo\/image\/"}}]}},"_links":{"self":[{"href":"https:\/\/actionbiblique.ch\/de\/wp-json\/wp\/v2\/pages\/29434","targetHints":{"allow":["GET"]}}],"collection":[{"href":"https:\/\/actionbiblique.ch\/de\/wp-json\/wp\/v2\/pages"}],"about":[{"href":"https:\/\/actionbiblique.ch\/de\/wp-json\/wp\/v2\/types\/page"}],"author":[{"embeddable":true,"href":"https:\/\/actionbiblique.ch\/de\/wp-json\/wp\/v2\/users\/1"}],"replies":[{"embeddable":true,"href":"https:\/\/actionbiblique.ch\/de\/wp-json\/wp\/v2\/comments?post=29434"}],"version-history":[{"count":3,"href":"https:\/\/actionbiblique.ch\/de\/wp-json\/wp\/v2\/pages\/29434\/revisions"}],"predecessor-version":[{"id":30648,"href":"https:\/\/actionbiblique.ch\/de\/wp-json\/wp\/v2\/pages\/29434\/revisions\/30648"}],"wp:attachment":[{"href":"https:\/\/actionbiblique.ch\/de\/wp-json\/wp\/v2\/media?parent=29434"}],"curies":[{"name":"wp","href":"https:\/\/api.w.org\/{rel}","templated":true}]}}